{"id":10269,"date":"2025-10-09T12:33:30","date_gmt":"2025-10-09T10:33:30","guid":{"rendered":"https:\/\/www.vrbnjak.si\/spominski-kamen-in-perlica\/"},"modified":"2026-03-11T17:27:10","modified_gmt":"2026-03-11T16:27:10","slug":"edelsteine-und-perlen","status":"publish","type":"page","link":"https:\/\/www.vrbnjak.si\/de\/edelsteine-und-perlen\/","title":{"rendered":"Edelsteine und Perlen"},"content":{"rendered":"<div class=\"wpb-content-wrapper\"><p>[vc_row equal_height=&#8220;yes&#8220; css=&#8220;.vc_custom_1503605131937{margin-bottom: 30px !important;}&#8220;][vc_column]<div class=\"sc_section\" style=\"margin-top:30px !important; \"><div class=\"sc_content content_wrap\"><div class=\"columns_wrap sc_columns columns_nofluid sc_columns_count_1\"><div class=\"column-1_1 sc_column_item sc_column_item_1 odd first\">[vc_empty_space height=&#8220;10px&#8220;][vc_column_text css=&#8220;&#8220;]<\/p>\n<p style=\"text-align: left;\"><span style=\"color: #ccb78f; font-size: 18pt;\"><strong>NEU: EDELSTEINE und PERLEN mit SEELE<\/strong><\/span><\/p>\n<p>[\/vc_column_text][vc_empty_space height=&#8220;10px&#8220;][vc_column_text css=&#8220;&#8220;]<span style=\"font-size: 18pt;\"><em>Liebe, eingefangen in einem Schmuckst\u00fcck \u2013 eine Erinnerung, die nicht verblasst.<\/em><\/span>[\/vc_column_text][vc_empty_space height=&#8220;10px&#8220;]<\/div><\/div><\/div><div class=\"sc_content content_wrap\"><div class=\"columns_wrap sc_columns columns_nofluid sc_columns_count_2\"><div class=\"column-1_2 sc_column_item sc_column_item_1 odd first\">[vc_empty_space height=&#8220;10px&#8220;][vc_column_text css=&#8220;&#8220;]<strong>ERINNERUNGSEDELSTEIN &#8211; ein Edelstein aus Asche oder Haaren<\/strong>[\/vc_column_text][vc_empty_space height=&#8220;10px&#8220;][vc_column_text css=&#8220;&#8220;]<\/p>\n<p data-start=\"431\" data-end=\"469\"><strong data-start=\"431\" data-end=\"469\">Ewige Verbundenheit, eingefangen in einem Kristall.<\/strong><\/p>\n<p>[\/vc_column_text][vc_column_text css=&#8220;&#8220;]Der Erinnerungsedelstein ist ein emotionales und einzigartiges Symbol der Liebe, die f\u00fcr immer besteht.<br \/>\nAus der Asche oder einer Haarstr\u00e4hne der verstorbenen Person entsteht ein Edelstein, in dem sich Erinnerungen, Energie und Sch\u00f6nheit vereinen.<\/p>\n<p>Jeder Stein ist einzigartig \u2013 Farbton und Struktur h\u00e4ngen von der Zusammensetzung des biogenen Materials ab, sodass keine zwei Erinnerungsedelsteine identisch sind.<\/p>\n<p>Der Erinnerungsedelstein kann in einen Ring, eine Halskette, einen Anh\u00e4nger oder ein anderes Schmuckst\u00fcck eingefasst werden.<br \/>\nSo tragen wir den geliebten Menschen nicht nur in unserer Erinnerung, sondern auch stets bei uns \u2013 egal, wo wir sind.[\/vc_column_text][vc_empty_space height=&#8220;10px&#8220;][vc_column_text css=&#8220;&#8220;]<\/p>\n<p data-start=\"289\" data-end=\"565\"><strong>PREIS<\/strong><\/p>\n<p>[\/vc_column_text][vc_empty_space height=&#8220;10px&#8220;][vc_column_text css=&#8220;&#8220;]<span style=\"font-size: 14.6667px;\">ab 2.400,00 \u20ac f\u00fcr 0,5 Karat<br \/>\n(verf\u00fcgbare Gr\u00f6\u00dfen von 0,5 bis 12 Karat)<\/span>[\/vc_column_text][vc_empty_space height=&#8220;10px&#8220;]<\/div><div class=\"column-1_2 sc_column_item sc_column_item_2 even\">[vc_empty_space height=&#8220;10px&#8220;]<figure class=\"sc_image  sc_image_shape_square\"><div style=\"padding: 0.4em; padding-bottom: 0;\"><img decoding=\"async\" src=\"https:\/\/www.vrbnjak.si\/wp-content\/uploads\/2025\/10\/Pogrebnistvo_Vrbnjak_Spominski_kamen_Foto_01-scaled.jpg\" alt=\"\" \/><\/div><\/figure><\/div><\/div><\/div>[vc_empty_space height=&#8220;20px&#8220;]<\/div>[\/vc_column][\/vc_row][vc_row equal_height=&#8220;yes&#8220; css=&#8220;.vc_custom_1503605131937{margin-bottom: 30px !important;}&#8220;][vc_column]<div class=\"sc_section\" style=\"margin-top:30px !important; \"><div class=\"sc_content content_wrap\"><div class=\"columns_wrap sc_columns columns_nofluid sc_columns_count_2\"><div class=\"column-1_2 sc_column_item sc_column_item_1 odd first\">[vc_empty_space height=&#8220;10px&#8220;][vc_column_text css=&#8220;&#8220;]<strong>ERINNERUNGSPERLE \u2013 eine zarte Ber\u00fchrung der Ewigkeit<\/strong>[\/vc_column_text][vc_empty_space height=&#8220;10px&#8220;][vc_column_text css=&#8220;&#8220;]<\/p>\n<p data-start=\"1204\" data-end=\"1240\"><strong data-start=\"1204\" data-end=\"1240\">Eine Erinnerung, die Sie nahe am Herzen tragen.<\/strong><\/p>\n<p>[\/vc_column_text][vc_column_text css=&#8220;&#8220;]Die <strong>Erinnerungsperle<\/strong> ist ein kleines, aber \u00e4u\u00dferst bedeutungsvolles Schmuckst\u00fcck \u2013 eine Halskette oder ein Armband \u2013, in dem eine Haarstr\u00e4hne einer geliebten Person bewahrt wird.<br \/>\nAus einem einfachen Anh\u00e4nger entsteht so ein intimes Symbol ewiger Verbundenheit, das Sie jeden Tag an die Menschen erinnert, die Ihnen am Herzen liegen.<\/p>\n<p>Jede Perle wird von Hand gefertigt und ist vollkommen einzigartig. Dadurch tr\u00e4gt sie eine ganz pers\u00f6nliche Geschichte von Liebe und Erinnerung in sich.[\/vc_column_text][vc_empty_space height=&#8220;10px&#8220;][vc_column_text css=&#8220;&#8220;]<\/p>\n<p data-start=\"289\" data-end=\"565\"><strong>PREIS<\/strong><\/p>\n<p>[\/vc_column_text][vc_empty_space height=&#8220;10px&#8220;][vc_column_text css=&#8220;&#8220;]<\/p>\n<p data-start=\"289\" data-end=\"565\"><span style=\"font-size: 11pt;\">Perlen-Set mit Labor: ab 137,00 \u20ac<\/span><\/p>\n<p>[\/vc_column_text][vc_empty_space height=&#8220;20px&#8220;]<\/div><div class=\"column-1_2 sc_column_item sc_column_item_2 even\">[vc_empty_space height=&#8220;10px&#8220;]<figure class=\"sc_image  sc_image_shape_square\"><div style=\"padding: 0.4em; padding-bottom: 0;\"><img decoding=\"async\" src=\"https:\/\/www.vrbnjak.si\/wp-content\/uploads\/2025\/10\/Pogrebnistvo_Vrbnjak_Spominski_kamen_perlica_Foto_30-scaled.jpg\" alt=\"\" \/><\/div><\/figure><\/div><\/div><div class=\"columns_wrap sc_columns columns_nofluid sc_columns_count_1\" style=\"margin-top:30px;\"><div class=\"column-1_1 sc_column_item sc_column_item_1 odd first\">[vc_gallery type=&#8220;flexslider_slide&#8220; interval=&#8220;3&#8243; images=&#8220;9760,9758,9754,9750,9707,9705,9690,9696,9694,9734,9725,9709&#8243; img_size=&#8220;full&#8220; css=&#8220;&#8220;]<\/div><\/div><\/div>[vc_empty_space height=&#8220;20px&#8220;]<\/div>[\/vc_column][\/vc_row][vc_row gap=&#8220;10&#8243; equal_height=&#8220;yes&#8220; css=&#8220;.vc_custom_1503605658623{background-color: #ffffff !important;}&#8220;][vc_column]<div class=\"sc_section\"><div class=\"sc_content content_wrap\"><h3 class=\"sc_title sc_title_regular sc_align_center \" style=\"margin-bottom:50px;text-align:center;\">Wir k\u00fcmmern uns f\u00fcr Sie um alles \u2013 vom Transport bis zur Organisation und Durchf\u00fchrung der Trauerfeier.<\/h3><div class=\"columns_wrap sc_columns columns_nofluid sc_columns_count_4\"><div class=\"column-1_4 sc_column_item sc_column_item_1 odd first\">[vc_icon type=&#8220;material&#8220; icon_material=&#8220;vc-material vc-material-airport_shuttle&#8220; color=&#8220;black&#8220; background_style=&#8220;rounded-less-outline&#8220; background_color=&#8220;custom&#8220; size=&#8220;lg&#8220; align=&#8220;center&#8220; link=&#8220;|||&#8220; custom_background_color=&#8220;#c4b49b&#8220;][vc_custom_heading text=&#8220;\u00dcberf\u00fchrung von Verstorbenen<br \/>\n(in Slowenien und im Ausland)&#8220; font_container=&#8220;tag:h5|text_align:center|line_height:1.1&#8243; google_fonts=&#8220;font_family:ABeeZee%3Aregular%2Citalic|font_style:400%20regular%3A400%3Anormal&#8220; css=&#8220;&#8220;]<\/div><div class=\"column-1_4 sc_column_item sc_column_item_2 even\">[vc_icon icon_fontawesome=&#8220;fa fa-bitbucket&#8220; color=&#8220;black&#8220; background_style=&#8220;rounded-less-outline&#8220; background_color=&#8220;custom&#8220; size=&#8220;lg&#8220; align=&#8220;center&#8220; link=&#8220;|||&#8220; custom_background_color=&#8220;#c4b49b&#8220;][vc_custom_heading text=&#8220;Verkauf von<br \/>\nBestattungsartikeln&#8220; font_container=&#8220;tag:h5|text_align:center|line_height:1.1&#8243; google_fonts=&#8220;font_family:ABeeZee%3Aregular%2Citalic|font_style:400%20regular%3A400%3Anormal&#8220; css=&#8220;&#8220;]<\/div><div class=\"column-1_4 sc_column_item sc_column_item_3 odd\">[vc_icon type=&#8220;material&#8220; icon_material=&#8220;vc-material vc-material-art_track&#8220; color=&#8220;black&#8220; background_style=&#8220;rounded-less-outline&#8220; background_color=&#8220;custom&#8220; size=&#8220;lg&#8220; align=&#8220;center&#8220; link=&#8220;|||&#8220; custom_background_color=&#8220;#c4b49b&#8220;][vc_custom_heading text=&#8220;Erledigung der Dokumentation&#8220; font_container=&#8220;tag:h5|text_align:center&#8220; google_fonts=&#8220;font_family:ABeeZee%3Aregular%2Citalic|font_style:400%20regular%3A400%3Anormal&#8220; css=&#8220;&#8220;]<\/div><div class=\"column-1_4 sc_column_item sc_column_item_4 even\">[vc_icon type=&#8220;material&#8220; icon_material=&#8220;vc-material vc-material-wc&#8220; color=&#8220;black&#8220; background_style=&#8220;rounded-less-outline&#8220; background_color=&#8220;custom&#8220; size=&#8220;lg&#8220; align=&#8220;center&#8220; link=&#8220;|||&#8220; custom_background_color=&#8220;#c4b49b&#8220;][vc_custom_heading text=&#8220;Komplette Organisation und Durchf\u00fchrung der Bestattung&#8220; font_container=&#8220;tag:h5|text_align:center|line_height:1.1&#8243; google_fonts=&#8220;font_family:ABeeZee%3Aregular%2Citalic|font_style:400%20regular%3A400%3Anormal&#8220; css=&#8220;&#8220;]<\/div><\/div>[vc_empty_space height=&#8220;40px&#8220;]<\/div><\/div>[\/vc_column][\/vc_row][vc_row][vc_column]<div class=\"sc_content content_wrap\" style=\"margin-top:50px !important;margin-bottom:50px !important;\"><div class=\"columns_wrap sc_columns columns_nofluid sc_columns_count_6\"><div class=\"column-3_6 sc_column_item sc_column_item_1 odd first span_3\">[vc_raw_html]JTNDaWZyYW1lJTIwc3JjJTNEJTIyaHR0cHMlM0ElMkYlMkZ3d3cuZ29vZ2xlLmNvbSUyRm1hcHMlMkZlbWJlZCUzRnBiJTNEJTIxMW0xOCUyMTFtMTIlMjExbTMlMjExZDE2NjkuOTc4NDg0Nzg2MjU1NCUyMTJkMTUuOTg5MTE2ODk3NjU4MzclMjEzZDQ2LjY3NTA5MDAyODg4MDA2NCUyMTJtMyUyMTFmMCUyMTJmMCUyMTNmMCUyMTNtMiUyMTFpMTAyNCUyMTJpNzY4JTIxNGYxMy4xJTIxM20zJTIxMW0yJTIxMXMweDQ3NmYxMzdmZDQ0MGIyMjklMjUzQTB4YmZkM2M0NThiMjgyY2IyZCUyMTJzTGlkaWphJTI1MjBWcmJuamFrJTI1MjBkLm8uby4lMjE1ZTElMjEzbTIlMjExc3NsJTIxMnNzaSUyMTR2MTYwNjA0NTAyNjYzMyUyMTVtMiUyMTFzc2wlMjEyc3NpJTIyJTIwd2lkdGglM0QlMjI2MDAlMjIlMjBoZWlnaHQlM0QlMjI0NTAlMjIlMjBmcmFtZWJvcmRlciUzRCUyMjAlMjIlMjBzdHlsZSUzRCUyMmJvcmRlciUzQTAlM0IlMjIlMjBhbGxvd2Z1bGxzY3JlZW4lM0QlMjIlMjIlMjBhcmlhLWhpZGRlbiUzRCUyMmZhbHNlJTIyJTIwdGFiaW5kZXglM0QlMjIwJTIyJTNFJTNDJTJGaWZyYW1lJTNF[\/vc_raw_html]<\/div><div class=\"column-3_6 sc_column_item sc_column_item_4 even span_3 after_span_3\" style=\"color:#303030;\">[vc_empty_space height=&#8220;15px&#8220;][vc_row_inner][vc_column_inner width=&#8220;1\/3&#8243;][vc_icon type=&#8220;openiconic&#8220; icon_openiconic=&#8220;vc-oi vc-oi-location-inv&#8220; color=&#8220;white&#8220; background_style=&#8220;rounded&#8220; background_color=&#8220;chino&#8220; align=&#8220;center&#8220;][vc_column_text css=&#8220;&#8220;]<\/p>\n<p style=\"text-align: center;\"><a href=\"https:\/\/www.google.si\/maps\/dir\/\/Lidija+Vrbnjak+d.o.o.,+Pre%C5%BEihova+ulica+1,+9250+Gornja+Radgona\/@46.6762964,15.9892475,17z\/data=!4m8!4m7!1m0!1m5!1m1!1s0x476f137fd440b229:0xbfd3c458b282cb2d!2m2!1d15.9901377!2d46.6753252\" target=\"_blank\" rel=\"noopener noreferrer\">B\u00fcro: Pre\u017eihova ul. 1, Gornja Radgona, Slowenien (am Friedhof)<\/a><\/p>\n<p>[\/vc_column_text][\/vc_column_inner][vc_column_inner width=&#8220;1\/3&#8243;][vc_icon type=&#8220;openiconic&#8220; icon_openiconic=&#8220;vc-oi vc-oi-clock&#8220; color=&#8220;white&#8220; background_style=&#8220;rounded&#8220; background_color=&#8220;chino&#8220; align=&#8220;center&#8220;][vc_column_text css=&#8220;&#8220;]<\/p>\n<p style=\"text-align: center;\">Montag \u2013 Freitag<br \/>\nvon 8:00 bis 12:00<\/p>\n<p>[\/vc_column_text][\/vc_column_inner][vc_column_inner width=&#8220;1\/3&#8243;][vc_icon type=&#8220;openiconic&#8220; icon_openiconic=&#8220;vc-oi vc-oi-mail&#8220; color=&#8220;white&#8220; background_style=&#8220;rounded&#8220; background_color=&#8220;chino&#8220; align=&#8220;center&#8220;][vc_column_text css=&#8220;&#8220;]<\/p>\n<p style=\"text-align: center;\">E-Mail<br \/>\n<a href=\"mailto:info@vrbnjak.si\">info@vrbnjak.si<\/a><\/p>\n<p>[\/vc_column_text][\/vc_column_inner][\/vc_row_inner][vc_empty_space height=&#8220;30px&#8220;][vc_row_inner][vc_column_inner width=&#8220;1\/3&#8243;][vc_icon type=&#8220;material&#8220; icon_material=&#8220;vc-material vc-material-phone&#8220; color=&#8220;white&#8220; background_style=&#8220;rounded&#8220; background_color=&#8220;chino&#8220; align=&#8220;center&#8220;][vc_column_text]<\/p>\n<p style=\"text-align: center;\">02\/564-87-60<br \/>\n<em>(24-urna de\u017eurna slu\u017eba)<\/em><\/p>\n<p>[\/vc_column_text][\/vc_column_inner][vc_column_inner width=&#8220;1\/3&#8243;][vc_icon type=&#8220;openiconic&#8220; icon_openiconic=&#8220;vc-oi vc-oi-mobile&#8220; color=&#8220;white&#8220; background_style=&#8220;rounded&#8220; background_color=&#8220;chino&#8220; align=&#8220;center&#8220;][vc_column_text]<\/p>\n<p style=\"text-align: center;\">041-799-808<\/p>\n<p>[\/vc_column_text][\/vc_column_inner][vc_column_inner width=&#8220;1\/3&#8243;][vc_icon type=&#8220;openiconic&#8220; icon_openiconic=&#8220;vc-oi vc-oi-home&#8220; color=&#8220;white&#8220; background_style=&#8220;rounded&#8220; background_color=&#8220;chino&#8220; align=&#8220;center&#8220;][vc_column_text css=&#8220;&#8220;]<\/p>\n<p style=\"text-align: center;\">Firmensitz: Trate 23, 9250 Gornja Radgona, Slowenien<\/p>\n<p>[\/vc_column_text][\/vc_column_inner][\/vc_row_inner]<\/div><\/div><\/div>[\/vc_column][\/vc_row]<\/p>\n<\/div>","protected":false},"excerpt":{"rendered":"<p>[vc_row equal_height=&#8220;yes&#8220; css=&#8220;.vc_custom_1503605131937{margin-bottom: 30px !important;}&#8220;][vc_column][\/vc_column][\/vc_row][vc_row equal_height=&#8220;yes&#8220; css=&#8220;.vc_custom_1503605131937{margin-bottom: 30px !important;}&#8220;][vc_column][\/vc_column][\/vc_row][vc_row gap=&#8220;10&#8243; equal_height=&#8220;yes&#8220; css=&#8220;.vc_custom_1503605658623{background-color: #ffffff !important;}&#8220;][vc_column][\/vc_column][\/vc_row][vc_row][vc_column][\/vc_column][\/vc_row]<\/p>\n","protected":false},"author":6,"featured_media":0,"parent":0,"menu_order":0,"comment_status":"closed","ping_status":"closed","template":"","meta":{"_monsterinsights_skip_tracking":false,"_monsterinsights_sitenote_active":false,"_monsterinsights_sitenote_note":"","_monsterinsights_sitenote_category":0,"footnotes":""},"class_list":["post-10269","page","type-page","status-publish","hentry"],"yoast_head":"<!-- This site is optimized with the Yoast SEO plugin v27.5 - https:\/\/yoast.com\/product\/yoast-seo-wordpress\/ -->\n<title>Edelsteine und Perlen - Vrbnjak.si<\/title>\n<meta name=\"robots\" content=\"index, follow, max-snippet:-1, max-image-preview:large, max-video-preview:-1\" \/>\n<link rel=\"canonical\" href=\"https:\/\/www.vrbnjak.si\/de\/edelsteine-und-perlen\/\" \/>\n<meta property=\"og:locale\" content=\"de_DE\" \/>\n<meta property=\"og:type\" content=\"article\" \/>\n<meta property=\"og:title\" content=\"Edelsteine und Perlen - Vrbnjak.si\" \/>\n<meta property=\"og:description\" content=\"[vc_row equal_height=&#8220;yes&#8220; css=&#8220;.vc_custom_1503605131937{margin-bottom: 30px !important;}&#8220;][vc_column][\/vc_column][\/vc_row][vc_row equal_height=&#8220;yes&#8220; css=&#8220;.vc_custom_1503605131937{margin-bottom: 30px !important;}&#8220;][vc_column][\/vc_column][\/vc_row][vc_row gap=&#8220;10&#8243; equal_height=&#8220;yes&#8220; css=&#8220;.vc_custom_1503605658623{background-color: #ffffff !important;}&#8220;][vc_column][\/vc_column][\/vc_row][vc_row][vc_column][\/vc_column][\/vc_row]\" \/>\n<meta property=\"og:url\" content=\"https:\/\/www.vrbnjak.si\/de\/edelsteine-und-perlen\/\" \/>\n<meta property=\"og:site_name\" content=\"Vrbnjak.si\" \/>\n<meta property=\"article:modified_time\" content=\"2026-03-11T16:27:10+00:00\" \/>\n<meta name=\"twitter:card\" content=\"summary_large_image\" \/>\n<meta name=\"twitter:label1\" content=\"Gesch\u00e4tzte Lesezeit\" \/>\n\t<meta name=\"twitter:data1\" content=\"6\u00a0Minuten\" \/>\n<script type=\"application\/ld+json\" class=\"yoast-schema-graph\">{\"@context\":\"https:\\\/\\\/schema.org\",\"@graph\":[{\"@type\":\"WebPage\",\"@id\":\"https:\\\/\\\/www.vrbnjak.si\\\/de\\\/edelsteine-und-perlen\\\/\",\"url\":\"https:\\\/\\\/www.vrbnjak.si\\\/de\\\/edelsteine-und-perlen\\\/\",\"name\":\"Edelsteine und Perlen - Vrbnjak.si\",\"isPartOf\":{\"@id\":\"https:\\\/\\\/www.vrbnjak.si\\\/#website\"},\"datePublished\":\"2025-10-09T10:33:30+00:00\",\"dateModified\":\"2026-03-11T16:27:10+00:00\",\"breadcrumb\":{\"@id\":\"https:\\\/\\\/www.vrbnjak.si\\\/de\\\/edelsteine-und-perlen\\\/#breadcrumb\"},\"inLanguage\":\"de\",\"potentialAction\":[{\"@type\":\"ReadAction\",\"target\":[\"https:\\\/\\\/www.vrbnjak.si\\\/de\\\/edelsteine-und-perlen\\\/\"]}]},{\"@type\":\"BreadcrumbList\",\"@id\":\"https:\\\/\\\/www.vrbnjak.si\\\/de\\\/edelsteine-und-perlen\\\/#breadcrumb\",\"itemListElement\":[{\"@type\":\"ListItem\",\"position\":1,\"name\":\"Domov\",\"item\":\"https:\\\/\\\/www.vrbnjak.si\\\/\"},{\"@type\":\"ListItem\",\"position\":2,\"name\":\"Edelsteine und Perlen\"}]},{\"@type\":\"WebSite\",\"@id\":\"https:\\\/\\\/www.vrbnjak.si\\\/#website\",\"url\":\"https:\\\/\\\/www.vrbnjak.si\\\/\",\"name\":\"Vrbnjak.si\",\"description\":\"pogrebni\u0161tvo | sve\u010darstvo | urejanje okolja\",\"potentialAction\":[{\"@type\":\"SearchAction\",\"target\":{\"@type\":\"EntryPoint\",\"urlTemplate\":\"https:\\\/\\\/www.vrbnjak.si\\\/?s={search_term_string}\"},\"query-input\":{\"@type\":\"PropertyValueSpecification\",\"valueRequired\":true,\"valueName\":\"search_term_string\"}}],\"inLanguage\":\"de\"}]}<\/script>\n<!-- \/ Yoast SEO plugin. -->","yoast_head_json":{"title":"Edelsteine und Perlen - Vrbnjak.si","robots":{"index":"index","follow":"follow","max-snippet":"max-snippet:-1","max-image-preview":"max-image-preview:large","max-video-preview":"max-video-preview:-1"},"canonical":"https:\/\/www.vrbnjak.si\/de\/edelsteine-und-perlen\/","og_locale":"de_DE","og_type":"article","og_title":"Edelsteine und Perlen - Vrbnjak.si","og_description":"[vc_row equal_height=&#8220;yes&#8220; css=&#8220;.vc_custom_1503605131937{margin-bottom: 30px !important;}&#8220;][vc_column][\/vc_column][\/vc_row][vc_row equal_height=&#8220;yes&#8220; css=&#8220;.vc_custom_1503605131937{margin-bottom: 30px !important;}&#8220;][vc_column][\/vc_column][\/vc_row][vc_row gap=&#8220;10&#8243; equal_height=&#8220;yes&#8220; css=&#8220;.vc_custom_1503605658623{background-color: #ffffff !important;}&#8220;][vc_column][\/vc_column][\/vc_row][vc_row][vc_column][\/vc_column][\/vc_row]","og_url":"https:\/\/www.vrbnjak.si\/de\/edelsteine-und-perlen\/","og_site_name":"Vrbnjak.si","article_modified_time":"2026-03-11T16:27:10+00:00","twitter_card":"summary_large_image","twitter_misc":{"Gesch\u00e4tzte Lesezeit":"6\u00a0Minuten"},"schema":{"@context":"https:\/\/schema.org","@graph":[{"@type":"WebPage","@id":"https:\/\/www.vrbnjak.si\/de\/edelsteine-und-perlen\/","url":"https:\/\/www.vrbnjak.si\/de\/edelsteine-und-perlen\/","name":"Edelsteine und Perlen - Vrbnjak.si","isPartOf":{"@id":"https:\/\/www.vrbnjak.si\/#website"},"datePublished":"2025-10-09T10:33:30+00:00","dateModified":"2026-03-11T16:27:10+00:00","breadcrumb":{"@id":"https:\/\/www.vrbnjak.si\/de\/edelsteine-und-perlen\/#breadcrumb"},"inLanguage":"de","potentialAction":[{"@type":"ReadAction","target":["https:\/\/www.vrbnjak.si\/de\/edelsteine-und-perlen\/"]}]},{"@type":"BreadcrumbList","@id":"https:\/\/www.vrbnjak.si\/de\/edelsteine-und-perlen\/#breadcrumb","itemListElement":[{"@type":"ListItem","position":1,"name":"Domov","item":"https:\/\/www.vrbnjak.si\/"},{"@type":"ListItem","position":2,"name":"Edelsteine und Perlen"}]},{"@type":"WebSite","@id":"https:\/\/www.vrbnjak.si\/#website","url":"https:\/\/www.vrbnjak.si\/","name":"Vrbnjak.si","description":"pogrebni\u0161tvo | sve\u010darstvo | urejanje okolja","potentialAction":[{"@type":"SearchAction","target":{"@type":"EntryPoint","urlTemplate":"https:\/\/www.vrbnjak.si\/?s={search_term_string}"},"query-input":{"@type":"PropertyValueSpecification","valueRequired":true,"valueName":"search_term_string"}}],"inLanguage":"de"}]}},"_links":{"self":[{"href":"https:\/\/www.vrbnjak.si\/de\/wp-json\/wp\/v2\/pages\/10269","targetHints":{"allow":["GET"]}}],"collection":[{"href":"https:\/\/www.vrbnjak.si\/de\/wp-json\/wp\/v2\/pages"}],"about":[{"href":"https:\/\/www.vrbnjak.si\/de\/wp-json\/wp\/v2\/types\/page"}],"author":[{"embeddable":true,"href":"https:\/\/www.vrbnjak.si\/de\/wp-json\/wp\/v2\/users\/6"}],"replies":[{"embeddable":true,"href":"https:\/\/www.vrbnjak.si\/de\/wp-json\/wp\/v2\/comments?post=10269"}],"version-history":[{"count":3,"href":"https:\/\/www.vrbnjak.si\/de\/wp-json\/wp\/v2\/pages\/10269\/revisions"}],"predecessor-version":[{"id":10272,"href":"https:\/\/www.vrbnjak.si\/de\/wp-json\/wp\/v2\/pages\/10269\/revisions\/10272"}],"wp:attachment":[{"href":"https:\/\/www.vrbnjak.si\/de\/wp-json\/wp\/v2\/media?parent=10269"}],"curies":[{"name":"wp","href":"https:\/\/api.w.org\/{rel}","templated":true}]}}